{"id":34,"date":"2006-09-24T16:57:04","date_gmt":"2006-09-24T14:57:04","guid":{"rendered":"http:\/\/www.luxorbis.org\/friedensplattform.at\/?page_id=34"},"modified":"2026-04-18T12:09:56","modified_gmt":"2026-04-18T12:09:56","slug":"links","status":"publish","type":"page","link":"https:\/\/www.friedensplattform.at\/?page_id=34","title":{"rendered":"Links"},"content":{"rendered":"\n<p><strong>Du findest uns auch:<\/strong><\/p>\n\n\n\n<p>Steirische Friedensplattform:<\/p>\n\n\n\n<p><a href=\"https:\/\/www.instagram.com\/steirischefriedensplattform\/\">Instagram<\/a><\/p>\n\n\n\n<p><a href=\"https:\/\/www.facebook.com\/steirischefriedensplattform\/?locale=de_DE\">Facebook<\/a><\/p>\n\n\n\n<p>Liste GAZA Graz:<\/p>\n\n\n\n<p><a href=\"https:\/\/www.instagram.com\/listegaza_graz\">Instagram<\/a><\/p>\n\n\n\n<h2 class=\"wp-block-heading\"><strong><em>Disclaimer<\/em><\/strong><\/h2>\n\n\n\n<p>Die Steirische Friedensplattform weist ausdr\u00fccklich darauf hin, dass bei den Folgenden direkten oder indirekten Verweisen auf andere Web-Seiten (Hyperlinks) die Steirische Friedensplattform f\u00fcr den externen Inhalt dieser Internetseiten <strong>nicht<\/strong> verantwortlich ist und daf\u00fcr auch <strong>keine Haftung<\/strong> \u00fcbernimmt. Wenn wir feststellen, dass eine der verlinkten Seiten rechtswidrige Inhalte enth\u00e4lt, werden wir den Link umgehend entfernen.<\/p>\n\n\n\n<h2 class=\"wp-block-heading\"><strong>Friedensinitiativen und Antimilitarismus<\/strong><\/h2>\n\n\n\n<p><a href=\"https:\/\/abfang.org\/\">ABFaNG<\/a> \u2013 Aktionsb\u00fcndnis f\u00fcr Frieden, Aktive Neutralit\u00e4t und Gewaltfreiheit. Breite und lose Plattform \u00f6sterreichischer Friedensorganisationen mit reichhaltiger Webseite (Rubriken zu allen B\u00fcndnisorganisationen, wissenschaftlichen Friedensinstituten, zur Geschichte der \u00f6sterreichischen Friedensbewegung und zu \u00f6sterreichischen Friedenszeitungen).<\/p>\n\n\n\n<p><a href=\"http:\/\/www.ag-friedensforschung.de\/\" target=\"_blank\" rel=\"noopener\">AG Friedensforschung<\/a> \u2013 Veranstalter des Friedensratschlages in Kassel<\/p>\n\n\n\n<p><a href=\"http:\/\/www.verweigert.at\/\" target=\"_blank\" rel=\"noopener\">Arge Wehrdienstverweigerung und Gewaltfreiheit<\/a><\/p>\n\n\n\n<p><a href=\"https:\/\/enaat.org\/\" target=\"_blank\" rel=\"noopener\">ENAAT<\/a> \u2013 European Network Against Arms Trade<\/p>\n\n\n\n<p><a title=\"Friedensb\u00fcro Graz\" href=\"http:\/\/www.friedensbuero-graz.at\/\" target=\"_blank\" rel=\"noopener\">Friedensb\u00fcro Graz<\/a><\/p>\n\n\n\n<p><a href=\"http:\/\/www.german-foreign-policy.com\/\" target=\"_blank\" rel=\"noopener\">German Foreign Policy<\/a> \u2013 \u00fcber die deutsche EU- und Au\u00dfenpolitik<\/p>\n\n\n\n<p><a href=\"https:\/\/giffun.at\/\" target=\"_blank\" rel=\"noopener\">GIFFUN<\/a><\/p>\n\n\n\n<p><a href=\"http:\/\/www.gsoa.ch\/home\/\" target=\"_blank\" rel=\"noopener\">GSoA<\/a> \u2013 Gruppe f\u00fcr eine Schweiz ohne Armee<\/p>\n\n\n\n<p><a href=\"http:\/\/www.atomgegner.at\" target=\"_blank\" rel=\"noopener\">Gewerkschafterinnen gegen Atomenergie und Krieg<\/a><\/p>\n\n\n\n<p><a href=\"http:\/\/www.imi-online.de\" target=\"_blank\" rel=\"noopener\">IMI<\/a> \u2013 Informationsstelle Militarisierung, T\u00fcbingen, Deutschland<\/p>\n\n\n\n<p><a href=\"http:\/\/www.versoehnungsbund.at\/\" target=\"_blank\" rel=\"noopener\">Internationaler Vers\u00f6hnungsbund<\/a>, \u00d6sterreich<\/p>\n\n\n\n<p><a href=\"http:\/\/www.ippnw.de\/startseite.html\" target=\"_blank\" rel=\"noopener\">IPPNW<\/a> \u2013 Internationale \u00c4rzte zur Verhinderung des Atomkrieges, Deutschland<\/p>\n\n\n\n<p><a href=\"http:\/\/www.aspr.ac.at\/aspr\/\" target=\"_blank\" rel=\"noopener\">\u00d6sterreichisches Studienzentrum f\u00fcr Frieden und Konfliktforschung<\/a> \u2013 mit j\u00e4hrlicher Sommerschule<\/p>\n\n\n\n<p><a href=\"http:\/\/w3.khg.jku.at\/pax\/blog\/\" target=\"_blank\" rel=\"noopener\">Pax Christi \u00d6sterreich<\/a><\/p>\n\n\n\n<p><a href=\"http:\/\/www.resistanceforpeace.org\/de\/index.htm\" target=\"_blank\" rel=\"noopener\">Resistance for Peace<\/a><\/p>\n\n\n\n<p><a href=\"https:\/\/rib-ev.de\/\" target=\"_blank\" rel=\"noopener\">R\u00fcstungsInformationsB\u00fcro e.V. (RIB)<\/a><\/p>\n\n\n\n<p><a href=\"http:\/\/www.sipri.org\/\" target=\"_blank\" rel=\"noopener\">SIPRI<\/a> \u2013 Stockholm International Peace Research Institute, Schweden<\/p>\n\n\n\n<p><a href=\"http:\/\/www.friwe.at\/\" target=\"_blank\" rel=\"noopener\">Solidar \u2013 Werkstatt Linz<\/a> \u2013 fundierte EU-Kritik aus Linz<\/p>\n\n\n\n<p><a href=\"https:\/\/www.selbstbestimmtes-oesterreich.at\/\" target=\"_blank\" rel=\"noopener\">Selbstbestimmtes \u00d6sterreich<\/a><\/p>\n\n\n\n<p><a href=\"http:\/\/www.stimmenfuerneutralitaet.at\/\" target=\"_blank\" rel=\"noopener\">Stimmen f\u00fcr Neutralit\u00e4t!<\/a><\/p>\n\n\n\n<p><a href=\"http:\/\/www.thomasroithner.at\/\" target=\"_blank\" rel=\"noopener\">Thomas Roithner<\/a> \u2013 Friedensforscher und Privatdozent f\u00fcr Politikwissenschaft, Senior Lecturer am Institut f\u00fcr Internationale Entwicklung der Universit\u00e4t Wien<\/p>\n\n\n\n<p><a href=\"https:\/\/cloud.evalww.com\/index.php\/s\/tgbssCs4TtWea7g\" target=\"_blank\" rel=\"noopener\">EVAL-INFO-System<\/a><\/p>\n\n\n\n<h2 class=\"wp-block-heading\">Iran<\/h2>\n\n\n\n<p><a href=\"http:\/\/irananders.de\/\" target=\"_blank\" rel=\"noopener\">Iran anders<\/a> \u2013 Hintergrundberichte \u00fcber den Iran abseits der medialen Kriegshetze<\/p>\n\n\n\n<h2 class=\"wp-block-heading\">Medien<\/h2>\n\n\n\n<p><a href=\"http:\/\/www.hintergrund.de\/\" target=\"_blank\" rel=\"noopener\">Hintergrund<\/a> \u2013 hintergr\u00fcndige Website aus Deutschland<\/p>\n\n\n\n<p><a href=\"http:\/\/www.jungewelt.de\/index.php\" target=\"_blank\" rel=\"noopener\">Junge Welt<\/a>, Deutschland<\/p>\n\n\n\n<p><a href=\"http:\/\/www.monde-diplomatique.de\/\" target=\"_blank\" rel=\"noopener\">Le Monde diplomatique<\/a> \u2013 deutsche Ausgabe<\/p>\n\n\n\n<p><a href=\"http:\/\/www.linkewoche.at\/\" target=\"_blank\" rel=\"noopener\">Linke Woche<\/a><\/p>\n\n\n\n<p><a href=\"http:\/\/www.nachdenkseiten.de\/\">NachDenkSeiten<\/a> \u2013 die kritische Website<\/p>\n\n\n\n<p><a href=\"http:\/\/www.woz.ch\/\" target=\"_blank\" rel=\"noopener\">WOZ<\/a> \u2013 Die Wochenzeitung aus Z\u00fcrich; investigativer Journalismus<\/p>\n\n\n\n<p><a href=\"https:\/\/zeitung-gegen-den-krieg.de\/\" target=\"_blank\" rel=\"noopener\">Zeitung gegen den Krieg<\/a><\/p>\n\n\n\n<h2 class=\"wp-block-heading\">Pal\u00e4stina \u2013 Solidarit\u00e4t<\/h2>\n\n\n\n<p><a href=\"http:\/\/www.addameer.org\/\">Addameer<\/a> \u2013 pal\u00e4stinensische Gefangenenhilfe- und Solidarit\u00e4tsorganisation<\/p>\n\n\n\n<p><a href=\"http:\/\/www.alternativenews.org\/english\/\" target=\"_blank\" rel=\"noopener\">Alternative Information Center (AIC)<\/a> \u2013 alternatives Nachrichtenportal \u00fcber Pal\u00e4stina<\/p>\n\n\n\n<p><a href=\"http:\/\/electronicintifada.net\/\" target=\"_blank\" rel=\"noopener\">Electronic Intifada<\/a> \u2013 Hintergrundberichte aus Pal\u00e4stina und dem Nahen Osten<\/p>\n\n\n\n<p><a href=\"http:\/\/www.freegaza.org\/\" target=\"_blank\" rel=\"noopener\">Free Gaza<\/a><\/p>\n\n\n\n<p><a href=\"http:\/\/www.fraueninschwarz.at\/\" target=\"_blank\" rel=\"noopener\">Frauen in Schwarz<\/a> \u2013 \u00d6sterreich<\/p>\n\n\n\n<p><a href=\"http:\/\/www.gazamussleben.at\/\" target=\"_blank\" rel=\"noopener\">Gaza muss leben<\/a><\/p>\n\n\n\n<p><a href=\"http:\/\/www.saar.at\/\">Gesellschaft f\u00fcr \u00d6sterreichisch-Arabische Beziehungen (SAAR)<\/a>, Wien<\/p>\n\n\n\n<p><a href=\"http:\/\/zope.gush-shalom.org\/index_en.html\" target=\"_blank\" rel=\"noopener\">Gush Shalom<\/a> \u2013 Homepage der israelischen Friedensbewegung<\/p>\n\n\n\n<p><a href=\"http:\/\/www.palsolidarity.org\/\" target=\"_blank\" rel=\"noopener\">International Solidarity Movement (ISM)<\/a><\/p>\n\n\n\n<p><a href=\"http:\/\/www.nahostfriede.at\/\">Kritische Stimme<\/a> \u2013 Hintergr\u00fcnde zum Nahostkonflikt, Wien<\/p>\n\n\n\n<p><a href=\"http:\/\/www.arendt-art.de\/deutsch\/palestina\/\" target=\"_blank\" rel=\"noopener\">Pal\u00e4stina-Portal<\/a><\/p>\n\n\n\n<p><a href=\"https:\/\/www.palaestinasolidaritaet.at\/\" target=\"_blank\" rel=\"noopener\">Plattform Pal\u00e4stina Solidarit\u00e4t \u00d6sterreich<\/a><\/p>\n\n\n\n<p><a href=\"http:\/\/www.stopthewall.org\/\" target=\"_blank\" rel=\"noopener\">Stop the Wall<\/a> \u2013 Kampagne gegen die Apartheidsmauer in Pal\u00e4stina<\/p>\n\n\n\n<p><a href=\"http:\/\/www.watzal.com\/\" target=\"_blank\" rel=\"noopener\">Ludwig Watzal<\/a><\/p>\n\n\n\n<p><a href=\"http:\/\/unispal.un.org\/unispal.nsf\/udc.htm\" target=\"_blank\" rel=\"noopener\">UNO-Informationssystem \u00fcber Pal\u00e4stina<\/a> \u2013 Hier finden sich alle Resolutionen u. a. zum Pal\u00e4stinakonflikt. Sehr informativ!<\/p>\n\n\n\n<h2 class=\"wp-block-heading\">S\u00fcdamerika<\/h2>\n\n\n\n<p><a href=\"http:\/\/www.granma.cu\/aleman\/index.html\" target=\"_blank\" rel=\"noopener\">Granma Internacional<\/a> \u2013 Deutsche Ausgabe der kubanischen Tageszeitung<\/p>\n\n\n\n<p><a href=\"http:\/\/amerika21.de\/\" target=\"_blank\" rel=\"noopener\">Portal amerika21.de<\/a> \u2013 Nachrichten und Analysen aus Lateinamerika und der Karibik<\/p>\n\n\n\n<p><a href=\"http:\/\/www.miami5.de\/\" target=\"_blank\" rel=\"noopener\">Free the five<\/a> \u2013 Solidarit\u00e4tshomepage mit den 5 gefangenen Kubanern<\/p>\n\n\n\n<h2 class=\"wp-block-heading\">F\u00fcr eine humane Wirtschaft<\/h2>\n\n\n\n<p><a href=\"http:\/\/www.armutskonferenz.at\/\" target=\"_blank\" rel=\"noopener\">Armutskonferenz<\/a> \u2013 Lobby f\u00fcr Arme und Ausgegrenzte<\/p>\n\n\n\n<p><a href=\"http:\/\/www.attac.at\" target=\"_blank\" rel=\"noopener\">Attac<\/a> \u2013 Netzwerk f\u00fcr eine demokratische Kontrolle der Finanzm\u00e4rkte<\/p>\n\n\n\n<p><a href=\"http:\/\/diealternative.org\/verteilungsgerechtigkeit\/\" target=\"_blank\" rel=\"noopener\">Dummverteilen Sie hier nicht!<\/a> \u2013 Das Blog der Alternativen und Unabh\u00e4ngigen GewerkschafterInnen. Lesenswert!<\/p>\n\n\n\n<p><a href=\"http:\/\/kratzwald.wordpress.com\/\" target=\"_blank\" rel=\"noopener\">Nordwind<\/a> \u2013 Das informative Blog zu \u00f6ffentlichem Eigentum und Commons von Brigitte Kratzwald<\/p>\n\n\n\n<p><a href=\"http:\/\/www.plattform25.at\/\" target=\"_blank\" rel=\"noopener\">Plattform 25<\/a> \u2013 Widerstand gegen das steirische Sparpaket ist angesagt!<\/p>\n\n\n\n<p><a href=\"http:\/\/prosv.akis.at\/TCgi\/TCgi.cgi?target=home\" target=\"_blank\" rel=\"noopener\">proSV<\/a> \u2013 Gegen die Zerschlagung der Sozialversicherung<\/p>\n\n\n\n<p><a href=\"http:\/\/www.oegb.at\/servlet\/NcMain\/Sso?target=www.oegb.at%2Fsozialstaat\" target=\"_blank\" rel=\"noopener\">Sozialstaat fairbessern<\/a> \u2013 Die \u00d6GB-Kampagne des Jahres 2012<\/p>\n\n\n\n<p><a href=\"http:\/\/www.wege-aus-der-krise.at\/index.php\" target=\"_blank\" rel=\"noopener\">Wege aus der Krise<\/a> \u2013 Alternativen zum hirnlosen Kaputtsparen<\/p>\n\n\n\n<h2 class=\"wp-block-heading\">Zivilgesellschaft<\/h2>\n\n\n\n<p><a href=\"http:\/\/www.amnesty.at\/\" target=\"_blank\" rel=\"noopener\">Amnesty International<\/a> \u2013 Menschenrechtsorganisation<\/p>\n\n\n\n<p><a href=\"http:\/\/www.bessereweltlinks.de\/\" target=\"_blank\" rel=\"noopener\">Bessere Welt Links<\/a> \u2013 Umfassende Themen- und Linksammlung zu Friedens-, Sozial- und Umweltthemen<\/p>\n\n\n\n<p><a href=\"http:\/\/crusty.widerstand.org\/\" target=\"_blank\" rel=\"noopener\">Crusty Imperium<\/a> \u2013 Konzerte, Infoveranstaltungen, Volksk\u00fcche, Parties, Demonstrationen<\/p>\n\n\n\n<p><a href=\"http:\/\/www.greenpeace.org\/austria\/de\/\" target=\"_blank\" rel=\"noopener\">Greenpeace \u00d6sterreich<\/a><\/p>\n\n\n\n<p><a href=\"http:\/\/www.kpoe-graz.at\/\" target=\"_blank\" rel=\"noopener\">Kommunistische Partei \u00d6sterreich Graz<\/a><\/p>\n\n\n\n<p><a href=\"http:\/\/www.raus-aus-euratom.at\/\" target=\"_blank\" rel=\"noopener\">Raus aus EURATOM<\/a> \u2013 F\u00fcr eine konsequente \u00f6sterreichische Anti-Atompolitik<\/p>\n\n\n\n<p><a href=\"http:\/\/www.volksgesetzgebung-jetzt.at\/\" target=\"_blank\" rel=\"noopener\">Volksgesetzgebung jetzt!<\/a> \u2013 Eine Aktion zur Einf\u00fchrung der dreistufigen Volksgesetzgebung in \u00d6sterreich<\/p>\n\n\n\n<p><a href=\"http:\/\/www.wecker.de\/\" target=\"_blank\" rel=\"noopener\">Konstantin Wecker<\/a> \u2013 gesellschaftskritischer Musiker<\/p>\n","protected":false},"excerpt":{"rendered":"<p>Du findest uns auch: Steirische Friedensplattform: Instagram Facebook Liste GAZA Graz: Instagram Disclaimer Die Steirische Friedensplattform weist ausdr\u00fccklich darauf hin, dass bei den Folgenden direkten oder indirekten Verweisen auf andere Web-Seiten (Hyperlinks) die Steirische Friedensplattform f\u00fcr den externen Inhalt dieser Internetseiten nicht verantwortlich ist und daf\u00fcr auch keine Haftung \u00fcbernimmt. Wenn wir feststellen, dass eine &hellip; <a href=\"https:\/\/www.friedensplattform.at\/?page_id=34\" class=\"more-link\"><span class=\"screen-reader-text\">Links<\/span> weiterlesen <span class=\"meta-nav\">&rarr;<\/span><\/a><\/p>\n","protected":false},"author":1,"featured_media":0,"parent":0,"menu_order":0,"comment_status":"open","ping_status":"open","template":"","meta":{"footnotes":""},"class_list":["post-34","page","type-page","status-publish","hentry"],"_links":{"self":[{"href":"https:\/\/www.friedensplattform.at\/index.php?rest_route=\/wp\/v2\/pages\/34","targetHints":{"allow":["GET"]}}],"collection":[{"href":"https:\/\/www.friedensplattform.at\/index.php?rest_route=\/wp\/v2\/pages"}],"about":[{"href":"https:\/\/www.friedensplattform.at\/index.php?rest_route=\/wp\/v2\/types\/page"}],"author":[{"embeddable":true,"href":"https:\/\/www.friedensplattform.at\/index.php?rest_route=\/wp\/v2\/users\/1"}],"replies":[{"embeddable":true,"href":"https:\/\/www.friedensplattform.at\/index.php?rest_route=%2Fwp%2Fv2%2Fcomments&post=34"}],"version-history":[{"count":7,"href":"https:\/\/www.friedensplattform.at\/index.php?rest_route=\/wp\/v2\/pages\/34\/revisions"}],"predecessor-version":[{"id":8531,"href":"https:\/\/www.friedensplattform.at\/index.php?rest_route=\/wp\/v2\/pages\/34\/revisions\/8531"}],"wp:attachment":[{"href":"https:\/\/www.friedensplattform.at\/index.php?rest_route=%2Fwp%2Fv2%2Fmedia&parent=34"}],"curies":[{"name":"wp","href":"https:\/\/api.w.org\/{rel}","templated":true}]}}